{"id":146,"date":"2026-02-04T11:23:44","date_gmt":"2026-02-04T11:23:44","guid":{"rendered":"https:\/\/www.theresaecarlo.annunciano.it\/?page_id=146"},"modified":"2026-02-04T22:01:45","modified_gmt":"2026-02-04T22:01:45","slug":"bologna-2","status":"publish","type":"page","link":"https:\/\/www.theresaecarlo.annunciano.it\/en\/bologna-2\/","title":{"rendered":"bologna"},"content":{"rendered":"<p>[et_pb_section fb_built=&#8221;1&#8243; _builder_version=&#8221;4.27.5&#8243; _module_preset=&#8221;default&#8221; global_colors_info=&#8221;{}&#8221;][\/et_pb_section][et_pb_section fb_built=&#8221;1&#8243; _builder_version=&#8221;4.27.5&#8243; _module_preset=&#8221;default&#8221; use_background_color_gradient=&#8221;on&#8221; background_color_gradient_stops=&#8221;rgba(0,0,0,0.51) 0%|rgba(10,1,2,0.5) 99%&#8221; background_color_gradient_overlays_image=&#8221;on&#8221; background_image=&#8221;https:\/\/www.theresaecarlo.annunciano.it\/wp-content\/uploads\/2025\/12\/Bologna1.jpg&#8221; background_position=&#8221;bottom_center&#8221; background_vertical_offset=&#8221;54%&#8221; min_height=&#8221;44vh&#8221; custom_margin=&#8221;-363px||||false|false&#8221; custom_padding=&#8221;273px||0px||false|false&#8221; global_colors_info=&#8221;{}&#8221;][et_pb_row _builder_version=&#8221;4.27.4&#8243; _module_preset=&#8221;default&#8221; global_colors_info=&#8221;{}&#8221;][et_pb_column type=&#8221;4_4&#8243; _builder_version=&#8221;4.27.4&#8243; _module_preset=&#8221;default&#8221; global_colors_info=&#8221;{}&#8221;][et_pb_text _builder_version=&#8221;4.27.5&#8243; _module_preset=&#8221;default&#8221; header_font=&#8221;EB Garamond|||on|||||&#8221; header_text_align=&#8221;center&#8221; header_text_color=&#8221;#FFFFFF&#8221; header_font_size=&#8221;22px&#8221; header_letter_spacing=&#8221;4px&#8221; header_font_size_tablet=&#8221;22px&#8221; header_font_size_phone=&#8221;17px&#8221; header_font_size_last_edited=&#8221;on|phone&#8221; global_colors_info=&#8221;{}&#8221;]<\/p>\n<h1>12 settembre 2026<\/h1>\n<p>[\/et_pb_text][et_pb_text _builder_version=&#8221;4.27.5&#8243; _module_preset=&#8221;default&#8221; text_font=&#8221;Pinyon Script||||||||&#8221; text_text_color=&#8221;#FFFFFF&#8221; text_font_size=&#8221;72px&#8221; text_orientation=&#8221;center&#8221; text_font_size_tablet=&#8221;72px&#8221; text_font_size_phone=&#8221;53px&#8221; text_font_size_last_edited=&#8221;on|phone&#8221; global_colors_info=&#8221;{}&#8221;]<\/p>\n<p>Cosa vedere a Bologna<\/p>\n<p>[\/et_pb_text][\/et_pb_column][\/et_pb_row][\/et_pb_section][et_pb_section fb_built=&#8221;1&#8243; _builder_version=&#8221;4.27.4&#8243; _module_preset=&#8221;default&#8221; custom_margin=&#8221;-2px|||||&#8221; global_colors_info=&#8221;{}&#8221;][et_pb_row _builder_version=&#8221;4.27.4&#8243; _module_preset=&#8221;default&#8221; custom_margin=&#8221;|auto|18px|auto||&#8221; global_colors_info=&#8221;{}&#8221;][et_pb_column type=&#8221;4_4&#8243; _builder_version=&#8221;4.27.4&#8243; _module_preset=&#8221;default&#8221; global_colors_info=&#8221;{}&#8221;][et_pb_text _builder_version=&#8221;4.27.5&#8243; _module_preset=&#8221;default&#8221; header_2_font=&#8221;Cormorant Garamond|||on|||||&#8221; header_2_text_align=&#8221;center&#8221; header_2_text_color=&#8221;gcid-52e73b33-0c96-46a7-b0e5-f86e1803da32&#8243; header_2_letter_spacing=&#8221;9px&#8221; header_2_line_height=&#8221;1.3em&#8221; min_height=&#8221;61.8px&#8221; custom_margin=&#8221;||-2px|||&#8221; custom_padding=&#8221;||0px|||&#8221; global_colors_info=&#8221;{%22gcid-52e73b33-0c96-46a7-b0e5-f86e1803da32%22:%91%22header_2_text_color%22%93}&#8221;]<\/p>\n<h2>I nostri consigli<\/h2>\n<p>[\/et_pb_text][et_pb_text _builder_version=&#8221;4.27.5&#8243; _module_preset=&#8221;default&#8221; text_orientation=&#8221;center&#8221; global_colors_info=&#8221;{}&#8221;]<\/p>\n<p>Siti storici e culturali imperdibili.<br \/>I principali luoghi del centro citt\u00e0 raggiungibili a piedi:<\/p>\n<p>[\/et_pb_text][et_pb_button button_url=&#8221;https:\/\/www.getyourguide.it\/bologna-l1431\/ttd\/?utm_source=chatgpt.com&#038;visitor-id=XNOUXJY5HGL60HW3UDYLAP87Z051BHJS&#038;locale_autoredirect_optout=true&#8221; button_text=&#8221;Prenota la visita guidata&#8221; button_alignment=&#8221;center&#8221; _builder_version=&#8221;4.27.5&#8243; _module_preset=&#8221;default&#8221; custom_button=&#8221;on&#8221; button_text_size=&#8221;15px&#8221; button_text_color=&#8221;#FFFFFF&#8221; button_bg_color=&#8221;gcid-52e73b33-0c96-46a7-b0e5-f86e1803da32&#8243; button_border_width=&#8221;1px&#8221; button_border_radius=&#8221;0px&#8221; button_letter_spacing=&#8221;1px&#8221; button_font=&#8221;Cormorant Garamond|||on|||||&#8221; global_colors_info=&#8221;{%22gcid-52e73b33-0c96-46a7-b0e5-f86e1803da32%22:%91%22button_bg_color%22%93}&#8221;][\/et_pb_button][\/et_pb_column][\/et_pb_row][et_pb_row column_structure=&#8221;1_2,1_2&#8243; _builder_version=&#8221;4.27.5&#8243; _module_preset=&#8221;default&#8221; custom_padding=&#8221;0px||0px||true|false&#8221; border_color_bottom=&#8221;gcid-52e73b33-0c96-46a7-b0e5-f86e1803da32&#8243; global_colors_info=&#8221;{%22gcid-52e73b33-0c96-46a7-b0e5-f86e1803da32%22:%91%22border_color_bottom%22%93}&#8221;][et_pb_column type=&#8221;1_2&#8243; _builder_version=&#8221;4.27.4&#8243; _module_preset=&#8221;default&#8221; global_colors_info=&#8221;{}&#8221;][et_pb_divider show_divider=&#8221;off&#8221; _builder_version=&#8221;4.27.5&#8243; _module_preset=&#8221;default&#8221; background_image=&#8221;https:\/\/www.theresaecarlo.annunciano.it\/wp-content\/uploads\/2026\/02\/031_25042023_78_Festa_Liberazione_N-HDR.jpg&#8221; min_height=&#8221;304px&#8221; global_colors_info=&#8221;{}&#8221;][\/et_pb_divider][et_pb_text _builder_version=&#8221;4.27.5&#8243; _module_preset=&#8221;default&#8221; header_2_font=&#8221;Cormorant Garamond|||on|||||&#8221; header_2_text_align=&#8221;center&#8221; header_2_text_color=&#8221;gcid-52e73b33-0c96-46a7-b0e5-f86e1803da32&#8243; header_2_letter_spacing=&#8221;5px&#8221; header_2_line_height=&#8221;1.3em&#8221; min_height=&#8221;61.8px&#8221; custom_margin=&#8221;26px||-2px|||&#8221; custom_padding=&#8221;||0px|||&#8221; header_2_font_size_tablet=&#8221;&#8221; header_2_font_size_phone=&#8221;21px&#8221; header_2_font_size_last_edited=&#8221;on|phone&#8221; global_colors_info=&#8221;{%22gcid-52e73b33-0c96-46a7-b0e5-f86e1803da32%22:%91%22header_2_text_color%22%93}&#8221;]<\/p>\n<h2>Pazza maggiorE<\/h2>\n<p>[\/et_pb_text][et_pb_text _builder_version=&#8221;4.27.5&#8243; _module_preset=&#8221;default&#8221; text_orientation=&#8221;center&#8221; custom_padding=&#8221;||37px||false|false&#8221; global_colors_info=&#8221;{}&#8221;]<\/p>\n<p>Piazza principale circondata da edifici medievali.<\/p>\n<p>[\/et_pb_text][\/et_pb_column][et_pb_column type=&#8221;1_2&#8243; _builder_version=&#8221;4.27.4&#8243; _module_preset=&#8221;default&#8221; global_colors_info=&#8221;{}&#8221;][et_pb_divider show_divider=&#8221;off&#8221; _builder_version=&#8221;4.27.5&#8243; _module_preset=&#8221;default&#8221; background_image=&#8221;https:\/\/www.theresaecarlo.annunciano.it\/wp-content\/uploads\/2026\/02\/Fontana_del_Nettuno_-tour-storico-1024&#215;683-1.jpg&#8221; min_height=&#8221;304px&#8221; global_colors_info=&#8221;{}&#8221;][\/et_pb_divider][et_pb_text _builder_version=&#8221;4.27.5&#8243; _module_preset=&#8221;default&#8221; header_2_font=&#8221;Cormorant Garamond|||on|||||&#8221; header_2_text_align=&#8221;center&#8221; header_2_text_color=&#8221;gcid-52e73b33-0c96-46a7-b0e5-f86e1803da32&#8243; header_2_letter_spacing=&#8221;5px&#8221; header_2_line_height=&#8221;1.3em&#8221; min_height=&#8221;61.8px&#8221; custom_margin=&#8221;26px||-2px|||&#8221; custom_padding=&#8221;||0px|||&#8221; header_2_font_size_tablet=&#8221;&#8221; header_2_font_size_phone=&#8221;21px&#8221; header_2_font_size_last_edited=&#8221;on|phone&#8221; global_colors_info=&#8221;{%22gcid-52e73b33-0c96-46a7-b0e5-f86e1803da32%22:%91%22header_2_text_color%22%93}&#8221;]<\/p>\n<h2>Fontana del Nettuno<\/h2>\n<p>[\/et_pb_text][et_pb_text _builder_version=&#8221;4.27.5&#8243; _module_preset=&#8221;default&#8221; text_orientation=&#8221;center&#8221; custom_padding=&#8221;||37px||false|false&#8221; global_colors_info=&#8221;{}&#8221;]<\/p>\n<p>Monumento rinascimentale iconico.<\/p>\n<p>[\/et_pb_text][\/et_pb_column][\/et_pb_row][et_pb_row column_structure=&#8221;1_2,1_2&#8243; _builder_version=&#8221;4.27.5&#8243; _module_preset=&#8221;default&#8221; custom_padding=&#8221;0px||0px||true|false&#8221; border_color_bottom=&#8221;gcid-52e73b33-0c96-46a7-b0e5-f86e1803da32&#8243; global_colors_info=&#8221;{%22gcid-52e73b33-0c96-46a7-b0e5-f86e1803da32%22:%91%22border_color_bottom%22%93}&#8221;][et_pb_column type=&#8221;1_2&#8243; _builder_version=&#8221;4.27.4&#8243; _module_preset=&#8221;default&#8221; global_colors_info=&#8221;{}&#8221;][et_pb_divider show_divider=&#8221;off&#8221; _builder_version=&#8221;4.27.5&#8243; _module_preset=&#8221;default&#8221; background_image=&#8221;https:\/\/www.theresaecarlo.annunciano.it\/wp-content\/uploads\/2026\/02\/Basilica-di-San-Petronio-1.png&#8221; min_height=&#8221;304px&#8221; global_colors_info=&#8221;{}&#8221;][\/et_pb_divider][et_pb_text _builder_version=&#8221;4.27.5&#8243; _module_preset=&#8221;default&#8221; header_2_font=&#8221;Cormorant Garamond|||on|||||&#8221; header_2_text_align=&#8221;center&#8221; header_2_text_color=&#8221;gcid-52e73b33-0c96-46a7-b0e5-f86e1803da32&#8243; header_2_letter_spacing=&#8221;5px&#8221; header_2_line_height=&#8221;1.3em&#8221; min_height=&#8221;61.8px&#8221; custom_margin=&#8221;26px||-2px|||&#8221; custom_padding=&#8221;||0px|||&#8221; header_2_font_size_tablet=&#8221;&#8221; header_2_font_size_phone=&#8221;21px&#8221; header_2_font_size_last_edited=&#8221;on|phone&#8221; global_colors_info=&#8221;{%22gcid-52e73b33-0c96-46a7-b0e5-f86e1803da32%22:%91%22header_2_text_color%22%93}&#8221;]<\/p>\n<h2>Basilica di San Petronio<\/h2>\n<p>[\/et_pb_text][et_pb_text _builder_version=&#8221;4.27.5&#8243; _module_preset=&#8221;default&#8221; text_orientation=&#8221;center&#8221; custom_padding=&#8221;||37px||false|false&#8221; global_colors_info=&#8221;{}&#8221;]<\/p>\n<p>\u00a0Una delle chiese pi\u00f9 grandi d&#8217;Europa.<\/p>\n<p>[\/et_pb_text][\/et_pb_column][et_pb_column type=&#8221;1_2&#8243; _builder_version=&#8221;4.27.4&#8243; _module_preset=&#8221;default&#8221; global_colors_info=&#8221;{}&#8221;][et_pb_divider show_divider=&#8221;off&#8221; _builder_version=&#8221;4.27.5&#8243; _module_preset=&#8221;default&#8221; background_image=&#8221;https:\/\/www.theresaecarlo.annunciano.it\/wp-content\/uploads\/2026\/02\/torri-bologna.jpg&#8221; min_height=&#8221;304px&#8221; global_colors_info=&#8221;{}&#8221;][\/et_pb_divider][et_pb_text _builder_version=&#8221;4.27.5&#8243; _module_preset=&#8221;default&#8221; header_2_font=&#8221;Cormorant Garamond|||on|||||&#8221; header_2_text_align=&#8221;center&#8221; header_2_text_color=&#8221;gcid-52e73b33-0c96-46a7-b0e5-f86e1803da32&#8243; header_2_letter_spacing=&#8221;5px&#8221; header_2_line_height=&#8221;1.3em&#8221; min_height=&#8221;61.8px&#8221; custom_margin=&#8221;26px||-2px|||&#8221; custom_padding=&#8221;||0px|||&#8221; header_2_font_size_tablet=&#8221;&#8221; header_2_font_size_phone=&#8221;21px&#8221; header_2_font_size_last_edited=&#8221;on|phone&#8221; global_colors_info=&#8221;{%22gcid-52e73b33-0c96-46a7-b0e5-f86e1803da32%22:%91%22header_2_text_color%22%93}&#8221;]<\/p>\n<h2>Torri di Bologna<\/h2>\n<p>[\/et_pb_text][et_pb_text _builder_version=&#8221;4.27.5&#8243; _module_preset=&#8221;default&#8221; text_orientation=&#8221;center&#8221; custom_padding=&#8221;||37px||false|false&#8221; global_colors_info=&#8221;{}&#8221;]<\/p>\n<p>(Asinelli e Garisenda) Salite per ammirare il panorama.<\/p>\n<p>[\/et_pb_text][\/et_pb_column][\/et_pb_row][et_pb_row column_structure=&#8221;1_2,1_2&#8243; _builder_version=&#8221;4.27.5&#8243; _module_preset=&#8221;default&#8221; custom_padding=&#8221;0px||0px||true|false&#8221; border_color_bottom=&#8221;gcid-52e73b33-0c96-46a7-b0e5-f86e1803da32&#8243; global_colors_info=&#8221;{%22gcid-52e73b33-0c96-46a7-b0e5-f86e1803da32%22:%91%22border_color_bottom%22%93}&#8221;][et_pb_column type=&#8221;1_2&#8243; _builder_version=&#8221;4.27.4&#8243; _module_preset=&#8221;default&#8221; global_colors_info=&#8221;{}&#8221;][et_pb_divider show_divider=&#8221;off&#8221; _builder_version=&#8221;4.27.5&#8243; _module_preset=&#8221;default&#8221; background_image=&#8221;https:\/\/www.theresaecarlo.annunciano.it\/wp-content\/uploads\/2026\/02\/palazzo-archi.jpg&#8221; min_height=&#8221;304px&#8221; global_colors_info=&#8221;{}&#8221;][\/et_pb_divider][et_pb_text _builder_version=&#8221;4.27.5&#8243; _module_preset=&#8221;default&#8221; header_2_font=&#8221;Cormorant Garamond|||on|||||&#8221; header_2_text_align=&#8221;center&#8221; header_2_text_color=&#8221;gcid-52e73b33-0c96-46a7-b0e5-f86e1803da32&#8243; header_2_letter_spacing=&#8221;5px&#8221; header_2_line_height=&#8221;1.3em&#8221; min_height=&#8221;61.8px&#8221; custom_margin=&#8221;26px||-2px|||&#8221; custom_padding=&#8221;||0px|||&#8221; header_2_font_size_tablet=&#8221;&#8221; header_2_font_size_phone=&#8221;21px&#8221; header_2_font_size_last_edited=&#8221;on|phone&#8221; global_colors_info=&#8221;{%22gcid-52e73b33-0c96-46a7-b0e5-f86e1803da32%22:%91%22header_2_text_color%22%93}&#8221;]<\/p>\n<h2>Palazzo dell&#8217;Archiginnasio<\/h2>\n<p>[\/et_pb_text][et_pb_text _builder_version=&#8221;4.27.5&#8243; _module_preset=&#8221;default&#8221; text_orientation=&#8221;center&#8221; custom_padding=&#8221;||37px||false|false&#8221; global_colors_info=&#8221;{}&#8221;]<\/p>\n<p>Storico edificio universitario.<\/p>\n<p>[\/et_pb_text][\/et_pb_column][et_pb_column type=&#8221;1_2&#8243; _builder_version=&#8221;4.27.4&#8243; _module_preset=&#8221;default&#8221; global_colors_info=&#8221;{}&#8221;][et_pb_divider show_divider=&#8221;off&#8221; _builder_version=&#8221;4.27.5&#8243; _module_preset=&#8221;default&#8221; background_image=&#8221;https:\/\/www.theresaecarlo.annunciano.it\/wp-content\/uploads\/2026\/02\/antico-mercato-del-quadrilatero-34188.jpg&#8221; min_height=&#8221;304px&#8221; global_colors_info=&#8221;{}&#8221;][\/et_pb_divider][et_pb_text _builder_version=&#8221;4.27.5&#8243; _module_preset=&#8221;default&#8221; header_2_font=&#8221;Cormorant Garamond|||on|||||&#8221; header_2_text_align=&#8221;center&#8221; header_2_text_color=&#8221;gcid-52e73b33-0c96-46a7-b0e5-f86e1803da32&#8243; header_2_letter_spacing=&#8221;5px&#8221; header_2_line_height=&#8221;1.3em&#8221; min_height=&#8221;61.8px&#8221; custom_margin=&#8221;26px||-2px|||&#8221; custom_padding=&#8221;||0px|||&#8221; header_2_font_size_tablet=&#8221;&#8221; header_2_font_size_phone=&#8221;21px&#8221; header_2_font_size_last_edited=&#8221;on|phone&#8221; global_colors_info=&#8221;{%22gcid-52e73b33-0c96-46a7-b0e5-f86e1803da32%22:%91%22header_2_text_color%22%93}&#8221;]<\/p>\n<h2>Mercato del Quadrilatero<\/h2>\n<p>[\/et_pb_text][et_pb_text _builder_version=&#8221;4.27.5&#8243; _module_preset=&#8221;default&#8221; text_orientation=&#8221;center&#8221; custom_padding=&#8221;||37px||false|false&#8221; global_colors_info=&#8221;{}&#8221;]<\/p>\n<p>Vivaci mercati alimentari locali.<\/p>\n<p>[\/et_pb_text][\/et_pb_column][\/et_pb_row][\/et_pb_section][et_pb_section fb_built=&#8221;1&#8243; _builder_version=&#8221;4.27.5&#8243; _module_preset=&#8221;default&#8221; custom_padding=&#8221;54px|||||&#8221; global_colors_info=&#8221;{}&#8221;][et_pb_row _builder_version=&#8221;4.27.5&#8243; _module_preset=&#8221;default&#8221; background_color=&#8221;gcid-1c443cca-a1f2-41e2-aeca-665ad805942f&#8221; hover_enabled=&#8221;0&#8243; global_colors_info=&#8221;{%22gcid-1c443cca-a1f2-41e2-aeca-665ad805942f%22:%91%22background_color%22%93}&#8221; sticky_enabled=&#8221;0&#8243;][et_pb_column type=&#8221;4_4&#8243; _builder_version=&#8221;4.27.5&#8243; _module_preset=&#8221;default&#8221; global_colors_info=&#8221;{}&#8221;][et_pb_text _builder_version=&#8221;4.27.5&#8243; _module_preset=&#8221;default&#8221; header_2_font=&#8221;Cormorant Garamond|||on|||||&#8221; header_2_text_align=&#8221;center&#8221; header_2_text_color=&#8221;gcid-52e73b33-0c96-46a7-b0e5-f86e1803da32&#8243; header_2_letter_spacing=&#8221;9px&#8221; header_2_line_height=&#8221;1.3em&#8221; min_height=&#8221;61.8px&#8221; custom_margin=&#8221;||-2px|||&#8221; custom_padding=&#8221;||0px|||&#8221; global_colors_info=&#8221;{%22gcid-52e73b33-0c96-46a7-b0e5-f86e1803da32%22:%91%22header_2_text_color%22%93}&#8221;]<\/p>\n<h2>Come muoversi<\/h2>\n<p>[\/et_pb_text][et_pb_text _builder_version=&#8221;4.27.5&#8243; _module_preset=&#8221;default&#8221; text_orientation=&#8221;center&#8221; width=&#8221;55%&#8221; module_alignment=&#8221;center&#8221; custom_margin=&#8221;||10px|||&#8221; custom_padding=&#8221;||20px||false|false&#8221; global_colors_info=&#8221;{}&#8221;]<\/p>\n<p><strong>Centro storico percorribile a piedi<\/strong><br \/>Il centro di Bologna \u00e8 facilmente percorribile a piedi, con i suoi splendidi portici coperti (Patrimonio dell&#8217;Umanit\u00e0 UNESCO). Camminare \u00e8 spesso il modo pi\u00f9 semplice per esplorare i principali siti.<\/p>\n<p>[\/et_pb_text][et_pb_text _builder_version=&#8221;4.27.5&#8243; _module_preset=&#8221;default&#8221; text_orientation=&#8221;center&#8221; width=&#8221;55%&#8221; module_alignment=&#8221;center&#8221; custom_padding=&#8221;||18px||false|false&#8221; global_colors_info=&#8221;{}&#8221;]<\/p>\n<p><strong>Autobus pubblici<\/strong><br \/>Gestiti da TPER (autobus per la citt\u00e0 e per la periferia).<br \/>Biglietti disponibili presso le tabaccherie o tramite app mobile\/carta di credito a bordo.<br \/>Linee utili da\/per i punti di interesse della citt\u00e0 e la stazione ferroviaria: 28, 35, 38, 39.<\/p>\n<p>[\/et_pb_text][et_pb_text _builder_version=&#8221;4.27.5&#8243; _module_preset=&#8221;default&#8221; text_orientation=&#8221;center&#8221; width=&#8221;55%&#8221; module_alignment=&#8221;center&#8221; custom_padding=&#8221;||18px||false|false&#8221; global_colors_info=&#8221;{}&#8221;]<\/p>\n<p><strong>Collegamento con l&#8217;aeroporto<\/strong>:<br \/>monorotaia Marconi Express da Bologna Centrale all&#8217;aeroporto di Bologna.<br \/>Treni<br \/>Bologna Centrale \u00e8 il principale snodo ferroviario con treni ad alta velocit\u00e0 per Firenze, Milano, Roma, Venezia, ecc.<br \/>Treni regionali sono disponibili per gite giornaliere in Emilia-Romagna e oltre.<br \/>Biciclette e monopattini<br \/>Le opzioni di bike sharing e monopattini elettrici sono comuni per spostamenti rapidi in citt\u00e0.<\/p>\n<p>[\/et_pb_text][et_pb_text _builder_version=&#8221;4.27.5&#8243; _module_preset=&#8221;default&#8221; text_orientation=&#8221;center&#8221; width=&#8221;55%&#8221; module_alignment=&#8221;center&#8221; custom_padding=&#8221;||18px||false|false&#8221; global_colors_info=&#8221;{}&#8221;]<\/p>\n<p><strong>Contatti per taxi e trasferimenti privati<\/strong><br \/>Ecco alcuni servizi affidabili di taxi e trasferimenti privati \u200b\u200bche puoi includere sul tuo sito:<br \/>Servizi taxi standard<br \/>Opzioni taxi a Bologna che puoi chiamare o prenotare:<br \/>Cotabo \u2014 Cooperativa di taxi a Bologna<br \/>TAXI O NCC AEROPORTO BOLOGNA \u2014 Taxi aeroportuale e cittadino altamente valutato<br \/>Auto Blu Servizi Bologna &#8211; NCC Taxi Privato \u2014 Servizio di autista privato<br \/>Bologna Autoblu NCC \u2014 Opzione autista\/taxi premium<br \/>Colombo Group \u2014 Servizio taxi con ottime recensioni<br \/>NCC Amenduni Riccardo \u2014 Taxi\/trasferimento privato<br \/>Taxi Aeroporto Bologna &#8211; Welcome Pickups \u2014 Taxi aeroportuale prenotato<br \/>Fermata Taxi Malpighi \u2014 Posizione della stazione taxi<\/p>\n<p>[\/et_pb_text][et_pb_text _builder_version=&#8221;4.27.5&#8243; _module_preset=&#8221;default&#8221; text_orientation=&#8221;center&#8221; width=&#8221;55%&#8221; module_alignment=&#8221;center&#8221; custom_padding=&#8221;||18px||false|false&#8221; global_colors_info=&#8221;{}&#8221;]<\/p>\n<p><strong>Consigli:<\/strong><br \/>\u00c8 pi\u00f9 facile chiamare i taxi alle stazioni; le chiamate per strada possono essere rare.<br \/>Molti servizi offrono la prenotazione online o telefonica. Agenzie di autonoleggio (Noleggio auto) Se i visitatori desiderano maggiore flessibilit\u00e0 per esplorare i dintorni della citt\u00e0:<br \/>Contatti per autonoleggio<br \/>Rhino Rent Bologna \u2014 Autonoleggio altamente qualificato<br \/>SIXT Autonoleggio Bologna Stazione Centrale \u2014 Autonoleggio in centro vicino ai treni<br \/>Sixt Autonoleggio Bologna Aeroporto \u2014 Sixt in aeroporto<br \/>Hertz Autonoleggio &#8211; Bologna Stazione Centrale \u2014 Hertz in stazione centrale<br \/>Locauto \u2014 Autonoleggio nel centro di Bologna<br \/>Autovia Stazione Ferroviaria di Bologna \u2014 Autonoleggio vicino alla stazione<br \/>Avis Autonoleggio &#8211; Bologna, Budget Autonoleggio, Noleggiare \u2014 Altre opzioni<br \/>Nota: il centro storico \u00e8 soggetto a zone a traffico limitato (ZTL) in cui \u00e8 vietato l&#8217;accesso alle auto non autorizzate. Assicuratevi di controllare le norme ZTL prima di guidarci.<br \/>Consigli di viaggio rapidi<br \/>Il centro storico di Bologna \u00e8 compatto e facile da esplorare a piedi.<br \/>Gli autobus pubblici sono economici ed efficienti.<br \/>Per i trasferimenti aeroportuali, prenotate un taxi o utilizzate il Marconi Express.<br \/>Noleggiare un&#8217;auto \u00e8 l&#8217;ideale per gite di un giorno nella campagna dell&#8217;Emilia-Romagna.<\/p>\n<p>[\/et_pb_text][\/et_pb_column][\/et_pb_row][\/et_pb_section][et_pb_section fb_built=&#8221;1&#8243; _builder_version=&#8221;4.27.4&#8243; _module_preset=&#8221;default&#8221; background_color=&#8221;gcid-1c443cca-a1f2-41e2-aeca-665ad805942f&#8221; global_colors_info=&#8221;{%22gcid-1c443cca-a1f2-41e2-aeca-665ad805942f%22:%91%22background_color%22%93}&#8221;][et_pb_row _builder_version=&#8221;4.27.4&#8243; _module_preset=&#8221;default&#8221; global_colors_info=&#8221;{}&#8221;][et_pb_column type=&#8221;4_4&#8243; _builder_version=&#8221;4.27.4&#8243; _module_preset=&#8221;default&#8221; global_colors_info=&#8221;{}&#8221;][et_pb_text _builder_version=&#8221;4.27.5&#8243; _module_preset=&#8221;default&#8221; header_text_color=&#8221;gcid-52e73b33-0c96-46a7-b0e5-f86e1803da32&#8243; header_2_font=&#8221;Cormorant Garamond|||on|||||&#8221; header_2_text_align=&#8221;center&#8221; header_2_text_color=&#8221;gcid-52e73b33-0c96-46a7-b0e5-f86e1803da32&#8243; header_2_font_size=&#8221;37px&#8221; header_2_letter_spacing=&#8221;6px&#8221; header_2_line_height=&#8221;1.3em&#8221; custom_margin=&#8221;9px||-2px|||&#8221; custom_padding=&#8221;||0px|||&#8221; header_2_text_align_tablet=&#8221;left&#8221; header_2_text_align_phone=&#8221;center&#8221; header_2_text_align_last_edited=&#8221;on|phone&#8221; header_2_font_size_tablet=&#8221;37px&#8221; header_2_font_size_phone=&#8221;26px&#8221; header_2_font_size_last_edited=&#8221;on|phone&#8221; global_colors_info=&#8221;{%22gcid-52e73b33-0c96-46a7-b0e5-f86e1803da32%22:%91%22header_text_color%22,%22header_2_text_color%22%93}&#8221;]<\/p>\n<h2><span dir=\"auto\">conferma<\/span><\/h2>\n<p>[\/et_pb_text][et_pb_text _builder_version=&#8221;4.27.5&#8243; _module_preset=&#8221;default&#8221; text_font=&#8221;Pinyon Script||||||||&#8221; text_text_color=&#8221;gcid-52e73b33-0c96-46a7-b0e5-f86e1803da32&#8243; text_font_size=&#8221;72px&#8221; header_text_color=&#8221;gcid-52e73b33-0c96-46a7-b0e5-f86e1803da32&#8243; text_orientation=&#8221;center&#8221; custom_margin=&#8221;||64px|||&#8221; text_font_size_tablet=&#8221;72px&#8221; text_font_size_phone=&#8221;42px&#8221; text_font_size_last_edited=&#8221;on|phone&#8221; global_colors_info=&#8221;{%22gcid-52e73b33-0c96-46a7-b0e5-f86e1803da32%22:%91%22header_text_color%22,%22text_text_color%22%93}&#8221;]<\/p>\n<p>la tua presenza<\/p>\n<p>[\/et_pb_text][et_pb_button button_url=&#8221;@ET-DC@eyJkeW5hbWljIjp0cnVlLCJjb250ZW50IjoicG9zdF9saW5rX3VybF9wYWdlIiwic2V0dGluZ3MiOnsicG9zdF9pZCI6Ijg5In19@&#8221; button_text=&#8221;R.S.V.P.&#8221; button_alignment=&#8221;center&#8221; _builder_version=&#8221;4.27.5&#8243; _dynamic_attributes=&#8221;button_url&#8221; _module_preset=&#8221;default&#8221; custom_button=&#8221;on&#8221; button_text_size=&#8221;15px&#8221; button_text_color=&#8221;#FFFFFF&#8221; button_bg_color=&#8221;gcid-52e73b33-0c96-46a7-b0e5-f86e1803da32&#8243; button_border_width=&#8221;1px&#8221; button_border_radius=&#8221;0px&#8221; button_letter_spacing=&#8221;1px&#8221; button_font=&#8221;Cormorant Garamond|||on|||||&#8221; global_colors_info=&#8221;{%22gcid-52e73b33-0c96-46a7-b0e5-f86e1803da32%22:%91%22button_bg_color%22%93}&#8221;][\/et_pb_button][\/et_pb_column][\/et_pb_row][\/et_pb_section]<\/p>\n","protected":false},"excerpt":{"rendered":"<p>12 settembre 2026Cosa vedere a BolognaI nostri consigliSiti storici e culturali imperdibili.I principali luoghi del centro citt\u00e0 raggiungibili a piedi:Pazza maggiorEPiazza principale circondata da edifici medievali.Fontana del NettunoMonumento rinascimentale iconico.Basilica di San Petronio\u00a0Una delle chiese pi\u00f9 grandi d&#8217;Europa.Torri di Bologna(Asinelli e Garisenda) Salite per ammirare il panorama.Palazzo dell&#8217;ArchiginnasioStorico edificio universitario.Mercato del QuadrilateroVivaci mercati alimentari locali.Come [&hellip;]<\/p>\n","protected":false},"author":1,"featured_media":0,"parent":0,"menu_order":0,"comment_status":"closed","ping_status":"closed","template":"","meta":{"_et_pb_use_builder":"on","_et_pb_old_content":"","_et_gb_content_width":"","footnotes":""},"class_list":["post-146","page","type-page","status-publish","hentry"],"_links":{"self":[{"href":"https:\/\/www.theresaecarlo.annunciano.it\/en\/wp-json\/wp\/v2\/pages\/146","targetHints":{"allow":["GET"]}}],"collection":[{"href":"https:\/\/www.theresaecarlo.annunciano.it\/en\/wp-json\/wp\/v2\/pages"}],"about":[{"href":"https:\/\/www.theresaecarlo.annunciano.it\/en\/wp-json\/wp\/v2\/types\/page"}],"author":[{"embeddable":true,"href":"https:\/\/www.theresaecarlo.annunciano.it\/en\/wp-json\/wp\/v2\/users\/1"}],"replies":[{"embeddable":true,"href":"https:\/\/www.theresaecarlo.annunciano.it\/en\/wp-json\/wp\/v2\/comments?post=146"}],"version-history":[{"count":11,"href":"https:\/\/www.theresaecarlo.annunciano.it\/en\/wp-json\/wp\/v2\/pages\/146\/revisions"}],"predecessor-version":[{"id":169,"href":"https:\/\/www.theresaecarlo.annunciano.it\/en\/wp-json\/wp\/v2\/pages\/146\/revisions\/169"}],"wp:attachment":[{"href":"https:\/\/www.theresaecarlo.annunciano.it\/en\/wp-json\/wp\/v2\/media?parent=146"}],"curies":[{"name":"wp","href":"https:\/\/api.w.org\/{rel}","templated":true}]}}